{"id":3823,"date":"2024-03-11T12:39:36","date_gmt":"2024-03-11T11:39:36","guid":{"rendered":"https:\/\/plazadetoroscordoba.com\/home\/"},"modified":"2026-04-27T10:43:00","modified_gmt":"2026-04-27T08:43:00","slug":"home","status":"publish","type":"page","link":"https:\/\/plazadetoroscordoba.com\/fr\/","title":{"rendered":"Home"},"content":{"rendered":"<section class=\"l-section wpb_row height_large color_primary with_img\"><div class=\"l-section-img\" role=\"img\" aria-label=\"paseillo dans les ar\u00e8nes de Los Califas\" data-img-width=\"1200\" data-img-height=\"450\" style=\"background-image: url(https:\/\/plazadetoroscordoba.com\/wp-content\/uploads\/2024\/03\/evento-taurino-cordoba.webp);\"><\/div><div class=\"l-section-overlay\" style=\"background:rgba(41,49,74,0.40)\"><\/div><div class=\"l-section-h i-cf\"><div class=\"g-cols vc_row via_grid cols_1 laptops-cols_inherit tablets-cols_inherit mobiles-cols_1 valign_top type_default stacking_default\"><div class=\"wpb_column vc_column_container\"><div class=\"vc_column-inner\"><div class=\"wpb_text_column\"><div class=\"wpb_wrapper\"><h1 style=\"text-align: center;\"><span data-sheets-root=\"1\" data-sheets-value=\"{\"1\":2,\"2\":\"plaza de toros cordoba\"}\" data-sheets-userformat=\"{\"2\":4224,\"10\":2,\"15\":\"Arial\"}\">Ar\u00e8nes de Cordoba<\/span><\/h1>\n<p style=\"text-align: center;\">Art et histoire taurine dans les ar\u00e8nes de Cordoba<\/p>\n<\/div><\/div><div class=\"w-separator size_custom\" style=\"height:15px\"><\/div><div class=\"w-btn-wrapper align_center\"><a class=\"w-btn us-btn-style_1\" title=\"entradas toros cordoba\" href=\"https:\/\/plazadetoroscordoba.com\/fr\/billets-corrida-cordoue\/\"><span class=\"w-btn-label\">Billets de taureau<\/span><\/a><\/div><\/div><\/div><\/div><\/div><\/section><section class=\"l-section wpb_row height_medium\"><div class=\"l-section-h i-cf\"><div class=\"g-cols vc_row via_grid cols_1 laptops-cols_inherit tablets-cols_inherit mobiles-cols_1 valign_top type_default stacking_default\"><div class=\"wpb_column vc_column_container\"><div class=\"vc_column-inner\"><div class=\"wpb_text_column\"><div class=\"wpb_wrapper\"><h2 style=\"text-align: center;\">\u00c9v\u00e9nements taurins<\/h2>\n<h2 class=\"elementor-heading-title elementor-size-default\" style=\"text-align: center;\">FOIRE DE MAI 2026<\/h2>\n<p style=\"text-align: center;\">La corrida de Cordoue 2026 comprend trois corridas, une corrida avec des toreros et une corrida avec des toreros.<\/p>\n<p style=\"text-align: center;\"><strong>Les festivit\u00e9s auront lieu les 15, 16 et 22, 23 et 24 mai.  <\/strong><\/p>\n<\/div><\/div><div class=\"w-separator size_medium\"><\/div><div class=\"g-cols wpb_row via_grid cols_1 laptops-cols_inherit tablets-cols_inherit mobiles-cols_1 valign_top type_default stacking_default\" style=\"--columns-gap:3rem;\"><div class=\"wpb_column vc_column_container\"><div class=\"vc_column-inner\"><div class=\"w-grid us_post_list type_masonry layout_blog_14 cols_1 preload_style_spinner\" id=\"us_post_list_q634\" style=\"--columns:1;--gap:1.5rem;\"><style>.layout_blog_14 .w-grid-item-h{}@media(max-width:479px){.layout_blog_14 .usg_post_image_1{display:none!important}}.layout_blog_14 .usg_hwrapper_1{color:var(--color-content-text)!important;margin-left:10%!important;padding-top:6%!important;padding-bottom:6%!important;background:var(--color-content-bg-alt)!important}.layout_blog_14 .usg_post_image_1{width:50%!important;margin-left:-11%!important;margin-right:0!important}.layout_blog_14 .usg_vwrapper_1{width:48%!important;margin-left:7%!important}.layout_blog_14 .usg_post_date_1{font-size:0.9rem!important}.layout_blog_14 .usg_post_title_1{font-weight:700!important;line-height:1.2!important}.layout_blog_14 .usg_post_content_1{font-size:0.9rem!important}@media (max-width:600px){.layout_blog_14 .usg_hwrapper_1{margin-left:0!important;margin-right:0!important;padding-top:0!important;padding-bottom:0!important}.layout_blog_14 .usg_post_image_1{width:100%!important;margin-left:0!important;margin-right:0!important}.layout_blog_14 .usg_vwrapper_1{width:86%!important;margin:5% 7% 7% 7%!important}}<\/style><div class=\"w-grid-list\">\t<article class=\"w-grid-item size_1x1 post-9104 post type-post status-publish format-standard has-post-thumbnail hentry category-non-classifiee\" data-id=\"9104\">\r\n\t\t<div class=\"w-grid-item-h\">\r\n\t\t\t\t\t\t<div class=\"w-hwrapper usg_hwrapper_1 has_text_color align_none valign_center wrap\" style=\"--hwrapper-gap:1.2rem\"><div class=\"w-post-elm post_image usg_post_image_1 has_width stretched\"><a href=\"https:\/\/plazadetoroscordoba.com\/fr\/affiches-cordoba-2026\/\" aria-label=\"Affiches Cordoba 2026\"><img loading=\"lazy\" decoding=\"async\" width=\"1024\" height=\"768\" src=\"https:\/\/plazadetoroscordoba.com\/wp-content\/uploads\/2026\/04\/carteles-de-la-Feria-Taurina-Nuestra-Senora-de-la-Salud-2026-en-Cordoba-1024x768.png\" class=\"attachment-large size-large wp-post-image\" alt=\"Foire taurine de Nuestra Se\u00f1ora de la Salud 2026 \u00e0 Cordoue\" srcset=\"https:\/\/plazadetoroscordoba.com\/wp-content\/uploads\/2026\/04\/carteles-de-la-Feria-Taurina-Nuestra-Senora-de-la-Salud-2026-en-Cordoba-1024x768.png 1024w, https:\/\/plazadetoroscordoba.com\/wp-content\/uploads\/2026\/04\/carteles-de-la-Feria-Taurina-Nuestra-Senora-de-la-Salud-2026-en-Cordoba-300x225.png 300w, https:\/\/plazadetoroscordoba.com\/wp-content\/uploads\/2026\/04\/carteles-de-la-Feria-Taurina-Nuestra-Senora-de-la-Salud-2026-en-Cordoba-600x450.png 600w, https:\/\/plazadetoroscordoba.com\/wp-content\/uploads\/2026\/04\/carteles-de-la-Feria-Taurina-Nuestra-Senora-de-la-Salud-2026-en-Cordoba.png 1448w\" sizes=\"auto, (max-width: 1024px) 100vw, 1024px\" \/><\/a><\/div><div class=\"w-vwrapper usg_vwrapper_1 align_none valign_top\" style=\"--vwrapper-gap:0.7rem\"><time class=\"w-post-elm post_date usg_post_date_1 entry-date published\" datetime=\"2026-04-16T12:45:39+02:00\" title=\"16 avril 2026 \u00e0 12:45:39 Europe\/Madrid\">il y a 2 semaines<\/time><h2 class=\"w-post-elm post_title usg_post_title_1 entry-title color_link_inherit\"><a href=\"https:\/\/plazadetoroscordoba.com\/fr\/affiches-cordoba-2026\/\">Affiches Cordoba 2026<\/a><\/h2><div class=\"w-post-elm post_content usg_post_content_1\">Cordoue conna\u00eet d\u00e9sormais l&rsquo;affiche de la Feria taurine Nuestra Se\u00f1ora de la Salud 2026 Feria de Cordoue 2026 : la Feria de mai enthousiasme d\u00e9j\u00e0 les amateurs de tauromachie Les\u2026<\/div><\/div><\/div>\t\t<\/div>\r\n\t\t\t<\/article>\r\n<\/div><div class=\"g-loadmore hidden\"><div class=\"g-preloader type_1\"><div><\/div><\/div><\/div><div class=\"w-grid-list-json hidden\" onclick='return {&quot;max_num_pages&quot;:0,&quot;paginationBase&quot;:&quot;page&quot;,&quot;pagination&quot;:&quot;none&quot;,&quot;paged&quot;:1,&quot;ajaxData&quot;:{&quot;action&quot;:&quot;us_ajax_post_list&quot;,&quot;meta_type&quot;:&quot;post&quot;,&quot;object_id&quot;:0,&quot;template_vars&quot;:{&quot;shortcode_base&quot;:&quot;us_post_list&quot;,&quot;paged&quot;:1,&quot;max_num_pages&quot;:0,&quot;no_results&quot;:false,&quot;us_post_content_design_css&quot;:[],&quot;found_posts&quot;:0,&quot;per_page&quot;:12,&quot;items_count&quot;:1,&quot;orderby_random_seed&quot;:null,&quot;source&quot;:&quot;post__in&quot;,&quot;ids&quot;:&quot;9082&quot;,&quot;post_type&quot;:&quot;post&quot;,&quot;attachment_ids&quot;:null,&quot;include_post_thumbnail&quot;:0,&quot;post_author&quot;:&quot;any&quot;,&quot;post_author_ids&quot;:&quot;&quot;,&quot;apply_url_params&quot;:0,&quot;ignore_sticky_posts&quot;:1,&quot;exclude_children&quot;:0,&quot;exclude_current_post&quot;:1,&quot;exclude_prev_posts&quot;:0,&quot;exclude_past_events&quot;:0,&quot;enable_items_offset&quot;:0,&quot;items_offset&quot;:&quot;1&quot;,&quot;tax_query_relation&quot;:&quot;none&quot;,&quot;tax_query&quot;:[{&quot;operator&quot;:&quot;IN&quot;,&quot;taxonomy&quot;:&quot;category&quot;,&quot;terms&quot;:&quot;&quot;,&quot;include_children&quot;:0}],&quot;meta_query_relation&quot;:&quot;none&quot;,&quot;meta_query&quot;:[{&quot;key&quot;:&quot;custom_field_name&quot;,&quot;compare&quot;:&quot;=&quot;,&quot;value&quot;:&quot;&quot;}],&quot;orderby&quot;:&quot;date&quot;,&quot;orderby_custom_field&quot;:&quot;&quot;,&quot;orderby_custom_type&quot;:0,&quot;order_invert&quot;:0,&quot;show_all&quot;:0,&quot;quantity&quot;:&quot;12&quot;,&quot;posts_per_archive_page&quot;:0,&quot;no_items_action&quot;:&quot;message&quot;,&quot;no_items_message&quot;:&quot;Aucun r\\u00e9sultat.&quot;,&quot;no_items_page_block&quot;:&quot;&quot;,&quot;pagination&quot;:&quot;none&quot;,&quot;pagination_style&quot;:&quot;&quot;,&quot;pagination_btn_text&quot;:&quot;Charger plus&quot;,&quot;pagination_btn_size&quot;:&quot;&quot;,&quot;pagination_btn_style&quot;:&quot;1&quot;,&quot;pagination_btn_fullwidth&quot;:0,&quot;items_layout&quot;:&quot;blog_14&quot;,&quot;type&quot;:&quot;masonry&quot;,&quot;items_valign&quot;:0,&quot;ignore_items_size&quot;:0,&quot;columns&quot;:&quot;1&quot;,&quot;items_gap&quot;:&quot;1.5rem&quot;,&quot;load_animation&quot;:&quot;none&quot;,&quot;items_preload_style&quot;:&quot;spinner&quot;,&quot;img_size&quot;:&quot;default&quot;,&quot;title_size&quot;:&quot;&quot;,&quot;items_ratio&quot;:&quot;default&quot;,&quot;items_ratio_width&quot;:&quot;21&quot;,&quot;items_ratio_height&quot;:&quot;9&quot;,&quot;overriding_link&quot;:&quot;%7B%22url%22%3A%22%22%7D&quot;,&quot;popup_page_template&quot;:&quot;0&quot;,&quot;popup_width&quot;:&quot;&quot;,&quot;popup_arrows&quot;:1,&quot;breakpoint_1_width&quot;:&quot;1381px&quot;,&quot;breakpoint_1_cols&quot;:&quot;default&quot;,&quot;breakpoint_1_quantity&quot;:&quot;&quot;,&quot;breakpoint_1_gap&quot;:&quot;&quot;,&quot;breakpoint_2_width&quot;:&quot;1025px&quot;,&quot;breakpoint_2_cols&quot;:&quot;2&quot;,&quot;breakpoint_2_quantity&quot;:&quot;&quot;,&quot;breakpoint_2_gap&quot;:&quot;&quot;,&quot;breakpoint_3_width&quot;:&quot;601px&quot;,&quot;breakpoint_3_cols&quot;:&quot;1&quot;,&quot;breakpoint_3_quantity&quot;:&quot;&quot;,&quot;breakpoint_3_gap&quot;:&quot;&quot;,&quot;conditions_operator&quot;:&quot;always&quot;,&quot;conditions&quot;:[],&quot;css&quot;:null,&quot;el_class&quot;:&quot;&quot;,&quot;el_id&quot;:&quot;&quot;,&quot;enable_custom_html_atts&quot;:0,&quot;custom_html_atts&quot;:null,&quot;hide_on_states&quot;:&quot;&quot;,&quot;hide_for_sticky&quot;:0,&quot;hide_for_not_sticky&quot;:0,&quot;hide_below&quot;:&quot;0px&quot;,&quot;hide_above&quot;:&quot;0px&quot;,&quot;classes&quot;:&quot;&quot;},&quot;found_posts&quot;:0,&quot;per_page&quot;:12},&quot;facetedFilter&quot;:[]}'><\/div><\/div><\/div><\/div><\/div><\/div><\/div><\/div><\/div><\/section><section class=\"l-section wpb_row height_medium\"><div class=\"l-section-h i-cf\"><div class=\"g-cols vc_row via_grid cols_1 laptops-cols_inherit tablets-cols_inherit mobiles-cols_1 valign_top type_default stacking_default\"><div class=\"wpb_column vc_column_container\"><div class=\"vc_column-inner\"><div class=\"w-grid us_product_list type_grid layout_boutique_moderne no_results cols_3 pagination_load_on_btn preload_style_spinner\" id=\"us_product_list_ebe1\" style=\"--columns:3;--gap:1.5rem;\"><style>@media (max-width:1024px){#us_product_list_ebe1{--columns:2!important}}@media (max-width:600px){#us_product_list_ebe1{--columns:1!important}}.layout_boutique_moderne .w-grid-item-h{}.layout_boutique_moderne .usg_product_field_1{color:#fff!important;font-size:12px!important;font-weight:700!important;text-transform:uppercase!important;position:absolute!important;top:10px!important;left:10px!important;padding-left:0.8rem!important;padding-right:0.8rem!important;border-radius:9em!important;background:var(--color-content-primary)!important}.layout_boutique_moderne .usg_post_title_1{font-size:1rem!important;margin-top:0.8rem!important;margin-bottom:0.2rem!important}.layout_boutique_moderne .usg_product_field_2{margin-bottom:0.2rem!important}.layout_boutique_moderne .usg_product_field_3{font-weight:700!important}.layout_boutique_moderne .usg_add_to_cart_1{font-size:0.8rem!important;margin-top:0.4rem!important;border-radius:var(--site-border-radius)!important}<\/style><div class=\"w-grid-list\"><\/div><div class=\"g-loadmore hidden\"><div class=\"g-preloader type_1\"><div><\/div><\/div><button class=\"w-btn us-btn-style_1\" type=\"button\"><span class=\"w-btn-label\">Charger plus<\/span><\/button><\/div><div class=\"w-grid-list-json hidden\" onclick='return {&quot;max_num_pages&quot;:0,&quot;paginationBase&quot;:&quot;page&quot;,&quot;pagination&quot;:&quot;load_on_btn&quot;,&quot;paged&quot;:1,&quot;ajaxData&quot;:{&quot;action&quot;:&quot;us_ajax_product_list&quot;,&quot;meta_type&quot;:&quot;post&quot;,&quot;object_id&quot;:0,&quot;template_vars&quot;:{&quot;shortcode_base&quot;:&quot;us_product_list&quot;,&quot;paged&quot;:1,&quot;max_num_pages&quot;:0,&quot;no_results&quot;:true,&quot;is_product_list&quot;:true,&quot;found_posts&quot;:0,&quot;per_page&quot;:6,&quot;items_count&quot;:0,&quot;orderby_random_seed&quot;:null,&quot;source&quot;:&quot;all&quot;,&quot;ids&quot;:&quot;&quot;,&quot;apply_url_params&quot;:0,&quot;onsale_only&quot;:0,&quot;featured_only&quot;:0,&quot;exclude_out_of_stock&quot;:0,&quot;exclude_hidden&quot;:1,&quot;exclude_current_product&quot;:1,&quot;exclude_prev_posts&quot;:0,&quot;enable_items_offset&quot;:0,&quot;items_offset&quot;:&quot;1&quot;,&quot;price_compare&quot;:&quot;none&quot;,&quot;price&quot;:&quot;99.99&quot;,&quot;price_max&quot;:&quot;299.99&quot;,&quot;tax_query_relation&quot;:&quot;none&quot;,&quot;tax_query&quot;:[{&quot;operator&quot;:&quot;IN&quot;,&quot;taxonomy&quot;:&quot;product_cat&quot;,&quot;terms&quot;:&quot;&quot;,&quot;include_children&quot;:0}],&quot;meta_query_relation&quot;:&quot;none&quot;,&quot;meta_query&quot;:[{&quot;key&quot;:&quot;custom_field_name&quot;,&quot;compare&quot;:&quot;=&quot;,&quot;value&quot;:&quot;&quot;}],&quot;orderby&quot;:&quot;date&quot;,&quot;orderby_custom_field&quot;:&quot;&quot;,&quot;orderby_recent_sales_days&quot;:&quot;30&quot;,&quot;orderby_custom_type&quot;:0,&quot;order_invert&quot;:0,&quot;show_all&quot;:0,&quot;quantity&quot;:&quot;6&quot;,&quot;posts_per_archive_page&quot;:0,&quot;no_items_action&quot;:&quot;hide_grid&quot;,&quot;no_items_message&quot;:&quot;Aucun r\\u00e9sultat.&quot;,&quot;no_items_page_block&quot;:&quot;&quot;,&quot;pagination&quot;:&quot;load_on_btn&quot;,&quot;pagination_style&quot;:&quot;&quot;,&quot;pagination_btn_text&quot;:&quot;Charger plus&quot;,&quot;pagination_btn_size&quot;:&quot;&quot;,&quot;pagination_btn_style&quot;:&quot;1&quot;,&quot;pagination_btn_fullwidth&quot;:0,&quot;items_layout&quot;:&quot;boutique_moderne&quot;,&quot;type&quot;:&quot;grid&quot;,&quot;items_valign&quot;:0,&quot;ignore_items_size&quot;:0,&quot;columns&quot;:&quot;3&quot;,&quot;items_gap&quot;:&quot;1.5rem&quot;,&quot;load_animation&quot;:&quot;none&quot;,&quot;items_preload_style&quot;:&quot;spinner&quot;,&quot;img_size&quot;:&quot;default&quot;,&quot;title_size&quot;:&quot;&quot;,&quot;items_ratio&quot;:&quot;default&quot;,&quot;items_ratio_width&quot;:&quot;21&quot;,&quot;items_ratio_height&quot;:&quot;9&quot;,&quot;overriding_link&quot;:&quot;%7B%22url%22%3A%22%22%7D&quot;,&quot;popup_page_template&quot;:&quot;0&quot;,&quot;popup_width&quot;:&quot;&quot;,&quot;popup_arrows&quot;:1,&quot;breakpoint_1_width&quot;:&quot;1381px&quot;,&quot;breakpoint_1_cols&quot;:&quot;default&quot;,&quot;breakpoint_1_quantity&quot;:&quot;&quot;,&quot;breakpoint_1_gap&quot;:&quot;&quot;,&quot;breakpoint_2_width&quot;:&quot;1025px&quot;,&quot;breakpoint_2_cols&quot;:&quot;2&quot;,&quot;breakpoint_2_quantity&quot;:&quot;&quot;,&quot;breakpoint_2_gap&quot;:&quot;&quot;,&quot;breakpoint_3_width&quot;:&quot;601px&quot;,&quot;breakpoint_3_cols&quot;:&quot;1&quot;,&quot;breakpoint_3_quantity&quot;:&quot;&quot;,&quot;breakpoint_3_gap&quot;:&quot;&quot;,&quot;conditions_operator&quot;:&quot;always&quot;,&quot;conditions&quot;:[],&quot;css&quot;:null,&quot;el_class&quot;:&quot;&quot;,&quot;el_id&quot;:&quot;&quot;,&quot;enable_custom_html_atts&quot;:0,&quot;custom_html_atts&quot;:null,&quot;hide_on_states&quot;:&quot;&quot;,&quot;hide_for_sticky&quot;:0,&quot;hide_for_not_sticky&quot;:0,&quot;hide_below&quot;:&quot;0px&quot;,&quot;hide_above&quot;:&quot;0px&quot;,&quot;classes&quot;:&quot;&quot;},&quot;found_posts&quot;:0,&quot;per_page&quot;:6},&quot;facetedFilter&quot;:[]}'><\/div><\/div><div class=\"w-separator size_medium\"><\/div><\/div><\/div><\/div><\/div><\/section><section class=\"l-section wpb_row height_medium\"><div class=\"l-section-h i-cf\"><div class=\"g-cols vc_row via_grid cols_1 laptops-cols_inherit tablets-cols_inherit mobiles-cols_1 valign_top type_default stacking_default\"><div class=\"wpb_column vc_column_container\"><div class=\"vc_column-inner\"><div class=\"wpb_text_column\"><div class=\"wpb_wrapper\"><h2 style=\"text-align: center;\">Activit\u00e9s que vous pouvez faire<\/h2>\n<\/div><\/div><div class=\"w-separator size_large with_line width_default thick_1 style_solid color_border align_center\"><div class=\"w-separator-h\"><\/div><\/div><div class=\"g-cols wpb_row via_grid cols_2 laptops-cols_inherit tablets-cols_inherit mobiles-cols_1 valign_top type_default stacking_default\" style=\"--columns-gap:3rem;\"><div class=\"wpb_column vc_column_container\"><div class=\"vc_column-inner\"><div class=\"wpb_text_column\"><div class=\"wpb_wrapper\"><h3>1. Corridas<\/h3>\n<p>D\u00e9couvrez les prochains \u00e9v\u00e9nements taurins qui auront lieu dans <span data-sheets-root=\"1\" data-sheets-value=\"{\"1\":2,\"2\":\"plaza de toros los califas c\u00f3rdoba\"}\" data-sheets-userformat=\"{\"2\":4256,\"8\":{\"1\":&#091;{\"1\":2,\"2\":0,\"5\":{\"1\":2,\"2\":0}},{\"1\":0,\"2\":0,\"3\":3},{\"1\":1,\"2\":0,\"4\":1}&#093;},\"10\":2,\"15\":\"Arial\"}\">les ar\u00e8nes de Los Califas C\u00f3rdoba.<\/span> Achetez vos billets et profitez de l&rsquo;un des meilleurs spectacles taurins d&rsquo;Espagne.<\/p>\n<p>Affiche de la foire taurine 2025<\/p>\n<p>\u2713 Billets en ligne avec paiement s\u00e9curis\u00e9<\/p>\n<p>\u2713 R\u00e9servation de billets \u00e0 l&rsquo;avance.<\/p>\n<\/div><\/div><div class=\"w-separator size_small\"><\/div><div class=\"w-btn-wrapper align_none\"><a class=\"w-btn us-btn-style_2 us_custom_82d4de91 has_text_color\" title=\"entradas toros cordoba\" href=\"https:\/\/plazadetoroscordoba.com\/fr\/billets-corrida-cordoue\/\"><span class=\"w-btn-label\">Acheter des billets<\/span><\/a><\/div><\/div><\/div><div class=\"wpb_column vc_column_container\"><div class=\"vc_column-inner\"><div class=\"w-image us_custom_00abfd66 align_none\"><div class=\"w-image-h\"><img decoding=\"async\" width=\"800\" height=\"533\" src=\"https:\/\/plazadetoroscordoba.com\/wp-content\/uploads\/2024\/03\/Corridas-de-toros-cordoba.webp\" class=\"attachment-large size-large\" alt=\"Corrida Cordoba\" loading=\"lazy\" srcset=\"https:\/\/plazadetoroscordoba.com\/wp-content\/uploads\/2024\/03\/Corridas-de-toros-cordoba.webp 800w, https:\/\/plazadetoroscordoba.com\/wp-content\/uploads\/2024\/03\/Corridas-de-toros-cordoba-300x200.webp 300w, https:\/\/plazadetoroscordoba.com\/wp-content\/uploads\/2024\/03\/Corridas-de-toros-cordoba-600x400.webp 600w\" sizes=\"auto, (max-width: 800px) 100vw, 800px\" \/><\/div><\/div><\/div><\/div><\/div><\/div><\/div><\/div><\/div><\/section><section class=\"l-section wpb_row height_medium\"><div class=\"l-section-h i-cf\"><div class=\"g-cols vc_row via_grid cols_3-2 laptops-cols_2 tablets-cols_inherit mobiles-cols_1 valign_middle type_default reversed stacking_default\" style=\"--columns-gap:5%;\"><div class=\"wpb_column vc_column_container\"><div class=\"vc_column-inner\"><div class=\"w-image us_custom_00abfd66 align_none\"><div class=\"w-image-h\"><img decoding=\"async\" width=\"903\" height=\"600\" src=\"https:\/\/plazadetoroscordoba.com\/wp-content\/uploads\/2024\/03\/museo-taurino-de-cordoba.jpg\" class=\"attachment-large size-large\" alt=\"int\u00e9rieur du mus\u00e9e du taureau\" loading=\"lazy\" srcset=\"https:\/\/plazadetoroscordoba.com\/wp-content\/uploads\/2024\/03\/museo-taurino-de-cordoba.jpg 903w, https:\/\/plazadetoroscordoba.com\/wp-content\/uploads\/2024\/03\/museo-taurino-de-cordoba-300x199.jpg 300w, https:\/\/plazadetoroscordoba.com\/wp-content\/uploads\/2024\/03\/museo-taurino-de-cordoba-600x399.jpg 600w\" sizes=\"auto, (max-width: 903px) 100vw, 903px\" \/><\/div><\/div><div class=\"w-separator size_medium\"><\/div><\/div><\/div><div class=\"wpb_column vc_column_container\"><div class=\"vc_column-inner\"><div class=\"wpb_text_column\"><div class=\"wpb_wrapper\"><h3>2. Mus\u00e9e taurin de Cordoba<\/h3>\n<p>A seulement 20 minutes du <span data-sheets-root=\"1\" data-sheets-value=\"{\"1\":2,\"2\":\"plaza de los califas cordoba\"}\" data-sheets-userformat=\"{\"2\":4224,\"10\":2,\"15\":\"Arial\"}\">Sur la Plaza de los Califas C\u00f3rdoba, vous trouverez le mus\u00e9e taurin. Visitez cet incroyable b\u00e2timent et d\u00e9couvrez la culture taurine comme jamais auparavant : sculptures, costumes de lumi\u00e8res et autres surprises.<\/span><\/p>\n<\/div><\/div><div class=\"w-separator size_small\"><\/div><div class=\"w-btn-wrapper align_none\"><a class=\"w-btn us-btn-style_2 us_custom_82d4de91 has_text_color\" title=\"informaci\u00f3n sobre el museo taurino cordoba\" href=\"https:\/\/plazadetoroscordoba.com\/fr\/musee-taurin\/\"><span class=\"w-btn-label\">Plus d&apos;informations<\/span><\/a><\/div><\/div><\/div><\/div><\/div><\/section><section class=\"l-section wpb_row height_medium\"><div class=\"l-section-h i-cf\"><div class=\"g-cols vc_row via_grid cols_2-3 laptops-cols_2 tablets-cols_inherit mobiles-cols_1 valign_middle type_default stacking_default\" style=\"--columns-gap:5%;\"><div class=\"wpb_column vc_column_container\"><div class=\"vc_column-inner\"><div class=\"w-separator size_small\"><\/div><div class=\"wpb_text_column\"><div class=\"wpb_wrapper\"><h3>3. magasin de tauromachie<\/h3>\n<p>La boutique en ligne pour les amoureux de la tauromachie : accessoires de tauromachie, jouets de tauromachie, v\u00eatements, bijoux, exp\u00e9riences de tauromachie et bien plus encore.<\/p>\n<\/div><\/div><div class=\"w-separator size_small\"><\/div><div class=\"w-btn-wrapper align_none\"><a class=\"w-btn us-btn-style_2 us_custom_82d4de91 has_text_color\" target=\"_blank\" title=\"Tienda toros\" href=\"https:\/\/www.toroshopping.com\/\"><span class=\"w-btn-label\">Visitez notre boutique<\/span><\/a><\/div><\/div><\/div><div class=\"wpb_column vc_column_container\"><div class=\"vc_column-inner\"><div class=\"w-image us_custom_00abfd66 align_none\"><div class=\"w-image-h\"><img decoding=\"async\" width=\"900\" height=\"675\" src=\"https:\/\/plazadetoroscordoba.com\/wp-content\/uploads\/2024\/09\/Tienda-taurina-online.webp\" class=\"attachment-large size-large\" alt=\"\" loading=\"lazy\" srcset=\"https:\/\/plazadetoroscordoba.com\/wp-content\/uploads\/2024\/09\/Tienda-taurina-online.webp 900w, https:\/\/plazadetoroscordoba.com\/wp-content\/uploads\/2024\/09\/Tienda-taurina-online-300x225.webp 300w, https:\/\/plazadetoroscordoba.com\/wp-content\/uploads\/2024\/09\/Tienda-taurina-online-600x450.webp 600w\" sizes=\"auto, (max-width: 900px) 100vw, 900px\" \/><\/div><\/div><div class=\"w-separator size_medium\"><\/div><\/div><\/div><\/div><\/div><\/section><section class=\"l-section wpb_row height_medium color_primary parallax_ver with_shape\" id=\"second\"><div class=\"l-section-overlay\" style=\"background:rgba(25,25,25,0.51)\"><\/div><div class=\"l-section-shape type_curve pos_bottom\" style=\"height:15vmin;\"><svg xmlns=\"http:\/\/www.w3.org\/2000\/svg\" viewBox=\"0 0 64 8\" preserveAspectRatio=\"none\" width=\"100%\" height=\"100%\">\r\n\t<path fill=\"currentColor\" d=\"M64 8 L64 0 Q32 15.8 0 0 L0 8 Z\"\/>\r\n<\/svg><\/div><div class=\"l-section-h i-cf\"><div class=\"g-cols vc_row via_grid cols_1 laptops-cols_inherit tablets-cols_inherit mobiles-cols_1 valign_top type_default stacking_default\"><div class=\"wpb_column vc_column_container\"><div class=\"vc_column-inner\"><div class=\"wpb_text_column\"><div class=\"wpb_wrapper\"><p style=\"text-align: center;\"><span style=\"font-size: 30px;\">Profitez d&rsquo;un monument national historique<\/span><\/p>\n<\/div><\/div><div class=\"w-separator size_large\"><\/div><div class=\"g-cols wpb_row via_grid cols_4 laptops-cols_inherit tablets-cols_inherit mobiles-cols_1 valign_top type_default stacking_default\" style=\"--columns-gap:3rem;\"><div class=\"wpb_column vc_column_container\"><div class=\"vc_column-inner\"><div class=\"w-counter us_custom_69e32a11 color_heading align_center animation_none has_font_size\" data-duration=\"2\" style=\"--w-counter-duration: 2s;\"><div class=\"w-counter-value\" role=\"text\" aria-label=\"+5\"><span class=\"w-counter-value-part final\" aria-hidden=\"true\">+5<\/span><span class=\"w-counter-value-part hidden type_text\" aria-hidden=\"true\" data-final=\"+\"><\/span><span class=\"w-counter-value-part hidden type_number\" aria-hidden=\"true\" data-final=\"5\">0<\/span><span class=\"w-counter-value-part hidden type_text\" aria-hidden=\"true\" data-final>+<\/span><\/div><p class=\"w-counter-title\" style=\"font-size:1.2rem;\">\u00c9v\u00e9nements annuels<\/p><\/div><\/div><\/div><div class=\"wpb_column vc_column_container\"><div class=\"vc_column-inner\"><div class=\"w-counter us_custom_6df4bc3a has_text_color color_custom align_center animation_none\" data-duration=\"2\" style=\"--w-counter-duration: 2s;\"><div class=\"w-counter-value\" role=\"text\" aria-label=\"30.000\" style=\"color:#ffffff;\"><span class=\"w-counter-value-part final\" aria-hidden=\"true\">30.000<\/span><span class=\"w-counter-value-part hidden type_text\" aria-hidden=\"true\" data-final><\/span><span class=\"w-counter-value-part hidden type_number\" aria-hidden=\"true\" data-final=\"30.000\">0<\/span><span class=\"w-counter-value-part hidden type_text\" aria-hidden=\"true\" data-final><\/span><\/div><p class=\"w-counter-title\" style=\"font-size:1.2rem;\">T\u00e9l\u00e9spectateurs annuels<\/p><\/div><\/div><\/div><div class=\"wpb_column vc_column_container\"><div class=\"vc_column-inner\"><div class=\"w-counter us_custom_69e32a11 color_heading align_center animation_none has_font_size\" data-duration=\"2\" style=\"--w-counter-duration: 2s;\"><div class=\"w-counter-value\" role=\"text\" aria-label=\"59\"><span class=\"w-counter-value-part final\" aria-hidden=\"true\">59<\/span><span class=\"w-counter-value-part hidden type_text\" aria-hidden=\"true\" data-final><\/span><span class=\"w-counter-value-part hidden type_number\" aria-hidden=\"true\" data-final=\"59\">0<\/span><span class=\"w-counter-value-part hidden type_text\" aria-hidden=\"true\" data-final><\/span><\/div><p class=\"w-counter-title\" style=\"font-size:1.2rem;\">Des ann\u00e9es d&apos;histoire<\/p><\/div><\/div><\/div><div class=\"wpb_column vc_column_container\"><div class=\"vc_column-inner\"><div class=\"w-counter us_custom_69e32a11 color_custom align_center animation_none has_font_size\" data-duration=\"2\" style=\"--w-counter-duration: 2s;\"><div class=\"w-counter-value\" role=\"text\" aria-label=\"1.500\" style=\"color:#ffffff;\"><span class=\"w-counter-value-part final\" aria-hidden=\"true\">1.500<\/span><span class=\"w-counter-value-part hidden type_text\" aria-hidden=\"true\" data-final><\/span><span class=\"w-counter-value-part hidden type_number\" aria-hidden=\"true\" data-final=\"1.500\">0<\/span><span class=\"w-counter-value-part hidden type_text\" aria-hidden=\"true\" data-final><\/span><\/div><p class=\"w-counter-title\" style=\"font-size:1.2rem;\">Les abonn\u00e9s<\/p><\/div><\/div><\/div><\/div><div class=\"w-separator size_custom\" style=\"height:10vh\"><\/div><\/div><\/div><\/div><\/div><\/section><section class=\"l-section wpb_row height_medium\"><div class=\"l-section-h i-cf\"><div class=\"g-cols vc_row via_grid cols_1 laptops-cols_inherit tablets-cols_inherit mobiles-cols_1 valign_top type_default stacking_default\"><div class=\"wpb_column vc_column_container\"><div class=\"vc_column-inner\"><div class=\"wpb_text_column\"><div class=\"wpb_wrapper\"><h2 style=\"text-align: center;\">Photographies des ar\u00e8nes<\/h2>\n<p style=\"text-align: center;\">Ci-dessous, nous vous montrons quelques-unes des plus belles photographies des ar\u00e8nes de Cordoba.<\/p>\n<\/div><\/div><div class=\"w-separator size_medium\"><\/div><div class=\"w-grid us_grid us_custom_cb330156 type_masonry layout_gallery_default cols_4 pagination_infinite preload_style_spinner with_isotope with_css_animation\" id=\"us_grid_1\" style=\"--columns:4;--gap:4px;\" data-filterable=\"true\"><style>@media (max-width:1380px){#us_grid_1{--columns:3!important}}@media (max-width:1024px){#us_grid_1{--columns:3!important}}@media (max-width:600px){#us_grid_1{--columns:2!important}}.layout_gallery_default .w-grid-item-h{}<\/style><div class=\"w-grid-list\">\t<article class=\"w-grid-item us_animate_fade off_autostart size_1x1 post-212 attachment type-attachment status-inherit hentry\" data-id=\"212\" style=\"animation-delay:0s\">\r\n\t\t<div class=\"w-grid-item-h\">\r\n\t\t\t\t\t\t\t<a ref=\"magnificPopupGrid\" href=\"https:\/\/plazadetoroscordoba.com\/wp-content\/uploads\/2024\/03\/pinturas-y-esculturas.jpg\" class=\"w-grid-item-anchor\" aria-label=\"peintures et sculptures du mus\u00e9e taurin\"><\/a>\r\n\t\t\t\t\t\t<div class=\"w-post-elm post_image usg_post_image_1 stretched\"><img loading=\"lazy\" decoding=\"async\" width=\"300\" height=\"199\" src=\"https:\/\/plazadetoroscordoba.com\/wp-content\/uploads\/2024\/03\/pinturas-y-esculturas-300x199.jpg\" class=\"attachment-medium size-medium\" alt=\"peintures et sculptures du mus\u00e9e taurin\" srcset=\"https:\/\/plazadetoroscordoba.com\/wp-content\/uploads\/2024\/03\/pinturas-y-esculturas-300x199.jpg 300w, https:\/\/plazadetoroscordoba.com\/wp-content\/uploads\/2024\/03\/pinturas-y-esculturas-600x399.jpg 600w, https:\/\/plazadetoroscordoba.com\/wp-content\/uploads\/2024\/03\/pinturas-y-esculturas.jpg 903w\" sizes=\"auto, (max-width: 300px) 100vw, 300px\" \/><\/div>\t\t<\/div>\r\n\t\t\t<\/article>\r\n\t<article class=\"w-grid-item us_animate_fade off_autostart size_1x1 post-171 attachment type-attachment status-inherit hentry\" data-id=\"171\" style=\"animation-delay:0.1s\">\r\n\t\t<div class=\"w-grid-item-h\">\r\n\t\t\t\t\t\t\t<a ref=\"magnificPopupGrid\" href=\"https:\/\/plazadetoroscordoba.com\/wp-content\/uploads\/2024\/03\/Puerta-de-toriles.jpg\" class=\"w-grid-item-anchor\" aria-label=\"porte des ar\u00e8nes de cordoba\"><\/a>\r\n\t\t\t\t\t\t<div class=\"w-post-elm post_image usg_post_image_1 stretched\"><img loading=\"lazy\" decoding=\"async\" width=\"300\" height=\"200\" src=\"https:\/\/plazadetoroscordoba.com\/wp-content\/uploads\/2024\/03\/Puerta-de-toriles-300x200.jpg\" class=\"attachment-medium size-medium\" alt=\"porte des ar\u00e8nes de cordoba\" srcset=\"https:\/\/plazadetoroscordoba.com\/wp-content\/uploads\/2024\/03\/Puerta-de-toriles-300x200.jpg 300w, https:\/\/plazadetoroscordoba.com\/wp-content\/uploads\/2024\/03\/Puerta-de-toriles-600x400.jpg 600w, https:\/\/plazadetoroscordoba.com\/wp-content\/uploads\/2024\/03\/Puerta-de-toriles.jpg 700w\" sizes=\"auto, (max-width: 300px) 100vw, 300px\" \/><\/div>\t\t<\/div>\r\n\t\t\t<\/article>\r\n\t<article class=\"w-grid-item us_animate_fade off_autostart size_1x1 post-174 attachment type-attachment status-inherit hentry\" data-id=\"174\" style=\"animation-delay:0.2s\">\r\n\t\t<div class=\"w-grid-item-h\">\r\n\t\t\t\t\t\t\t<a ref=\"magnificPopupGrid\" href=\"https:\/\/plazadetoroscordoba.com\/wp-content\/uploads\/2024\/03\/Fachada-plaza-de-toros.jpg\" class=\"w-grid-item-anchor\" aria-label=\"ext\u00e9rieur des ar\u00e8nes de Cordoba\"><\/a>\r\n\t\t\t\t\t\t<div class=\"w-post-elm post_image usg_post_image_1 stretched\"><img loading=\"lazy\" decoding=\"async\" width=\"300\" height=\"200\" src=\"https:\/\/plazadetoroscordoba.com\/wp-content\/uploads\/2024\/03\/Fachada-plaza-de-toros-300x200.jpg\" class=\"attachment-medium size-medium\" alt=\"ext\u00e9rieur des ar\u00e8nes de Cordoba\" srcset=\"https:\/\/plazadetoroscordoba.com\/wp-content\/uploads\/2024\/03\/Fachada-plaza-de-toros-300x200.jpg 300w, https:\/\/plazadetoroscordoba.com\/wp-content\/uploads\/2024\/03\/Fachada-plaza-de-toros-600x400.jpg 600w, https:\/\/plazadetoroscordoba.com\/wp-content\/uploads\/2024\/03\/Fachada-plaza-de-toros.jpg 700w\" sizes=\"auto, (max-width: 300px) 100vw, 300px\" \/><\/div>\t\t<\/div>\r\n\t\t\t<\/article>\r\n\t<article class=\"w-grid-item us_animate_fade off_autostart size_1x1 post-62 attachment type-attachment status-inherit hentry\" data-id=\"62\" style=\"animation-delay:0.3s\">\r\n\t\t<div class=\"w-grid-item-h\">\r\n\t\t\t\t\t\t\t<a ref=\"magnificPopupGrid\" href=\"https:\/\/plazadetoroscordoba.com\/wp-content\/uploads\/2024\/03\/Corridas-de-toros-cordoba.webp\" class=\"w-grid-item-anchor\" aria-label=\"Corrida Cordoba\"><\/a>\r\n\t\t\t\t\t\t<div class=\"w-post-elm post_image usg_post_image_1 stretched\"><img loading=\"lazy\" decoding=\"async\" width=\"300\" height=\"200\" src=\"https:\/\/plazadetoroscordoba.com\/wp-content\/uploads\/2024\/03\/Corridas-de-toros-cordoba-300x200.webp\" class=\"attachment-medium size-medium\" alt=\"Corrida Cordoba\" srcset=\"https:\/\/plazadetoroscordoba.com\/wp-content\/uploads\/2024\/03\/Corridas-de-toros-cordoba-300x200.webp 300w, https:\/\/plazadetoroscordoba.com\/wp-content\/uploads\/2024\/03\/Corridas-de-toros-cordoba-600x400.webp 600w, https:\/\/plazadetoroscordoba.com\/wp-content\/uploads\/2024\/03\/Corridas-de-toros-cordoba.webp 800w\" sizes=\"auto, (max-width: 300px) 100vw, 300px\" \/><\/div>\t\t<\/div>\r\n\t\t\t<\/article>\r\n<\/div>\t<div class=\"w-grid-preloader\">\r\n\t\t<div class=\"g-preloader type_1\">\r\n\t\t\t<div><\/div>\r\n\t\t<\/div>\r\n\t<\/div>\r\n\t\t<div class=\"w-grid-json hidden\" onclick='return {&quot;action&quot;:&quot;us_ajax_grid&quot;,&quot;infinite_scroll&quot;:0,&quot;max_num_pages&quot;:1,&quot;pagination&quot;:&quot;infinite&quot;,&quot;template_vars&quot;:{&quot;columns&quot;:&quot;4&quot;,&quot;exclude_items&quot;:&quot;none&quot;,&quot;img_size&quot;:&quot;medium&quot;,&quot;ignore_items_size&quot;:0,&quot;items_layout&quot;:&quot;gallery_default&quot;,&quot;items_offset&quot;:&quot;1&quot;,&quot;load_animation&quot;:&quot;fade&quot;,&quot;overriding_link&quot;:&quot;%7B%22type%22%3A%22popup_image%22%7D&quot;,&quot;post_id&quot;:0,&quot;query_args&quot;:{&quot;post_type&quot;:[&quot;attachment&quot;],&quot;post__in&quot;:[&quot;172&quot;,&quot;210&quot;,&quot;169&quot;,&quot;60&quot;],&quot;post_status&quot;:&quot;inherit&quot;,&quot;post_mime_type&quot;:&quot;image&quot;,&quot;posts_per_page&quot;:&quot;8&quot;},&quot;orderby_query_args&quot;:{&quot;orderby&quot;:{&quot;date&quot;:&quot;DESC&quot;}},&quot;type&quot;:&quot;masonry&quot;,&quot;us_grid_post_type&quot;:&quot;attachment&quot;,&quot;us_grid_ajax_index&quot;:1,&quot;us_grid_filter_query_string&quot;:null,&quot;us_grid_index&quot;:1,&quot;page_args&quot;:[],&quot;lang&quot;:&quot;fr&quot;}}'><\/div>\r\n\t<\/div><\/div><\/div><\/div><\/div><\/section><section class=\"l-section wpb_row height_medium\"><div class=\"l-section-h i-cf\"><div class=\"g-cols vc_row via_grid cols_1 laptops-cols_inherit tablets-cols_inherit mobiles-cols_1 valign_top type_default stacking_default\"><div class=\"wpb_column vc_column_container\"><div class=\"vc_column-inner\"><div class=\"wpb_text_column\"><div class=\"wpb_wrapper\"><h2 style=\"text-align: center;\">Plaza News<\/h2>\n<\/div><\/div><div class=\"w-separator size_medium\"><\/div><div class=\"w-grid us_post_carousel type_carousel layout_blog_1 preload_style_spinner items_3\" id=\"us_post_list_a73b\" style=\"--items:3;--gap:1.5rem;\"><style>.layout_blog_1 .w-grid-item-h{}.layout_blog_1 .usg_post_image_1{margin-bottom:0.5rem!important}.layout_blog_1 .usg_post_title_1{font-size:1rem!important}<\/style><div class=\"w-grid-list owl-carousel valign_stretch dotstyle_circle navstyle_circle arrows-ver-pos_middle arrows-hor-pos_on_sides_outside arrows-disabled_hide owl-responsive-2000 with_arrows\" style=\"--transition-duration:350ms;--arrows-size:1.5rem;--arrows-gap:10px;\">\t<article class=\"w-grid-item size_1x1 post-9104 post type-post status-publish format-standard has-post-thumbnail hentry category-non-classifiee\" data-id=\"9104\">\r\n\t\t<div class=\"w-grid-item-h\">\r\n\t\t\t\t\t\t<div class=\"w-post-elm post_image usg_post_image_1 stretched\"><a href=\"https:\/\/plazadetoroscordoba.com\/fr\/affiches-cordoba-2026\/\" aria-label=\"Affiches Cordoba 2026\"><img loading=\"lazy\" decoding=\"async\" width=\"1024\" height=\"768\" src=\"https:\/\/plazadetoroscordoba.com\/wp-content\/uploads\/2026\/04\/carteles-de-la-Feria-Taurina-Nuestra-Senora-de-la-Salud-2026-en-Cordoba-1024x768.png\" class=\"attachment-large size-large wp-post-image\" alt=\"Foire taurine de Nuestra Se\u00f1ora de la Salud 2026 \u00e0 Cordoue\" srcset=\"https:\/\/plazadetoroscordoba.com\/wp-content\/uploads\/2026\/04\/carteles-de-la-Feria-Taurina-Nuestra-Senora-de-la-Salud-2026-en-Cordoba-1024x768.png 1024w, https:\/\/plazadetoroscordoba.com\/wp-content\/uploads\/2026\/04\/carteles-de-la-Feria-Taurina-Nuestra-Senora-de-la-Salud-2026-en-Cordoba-300x225.png 300w, https:\/\/plazadetoroscordoba.com\/wp-content\/uploads\/2026\/04\/carteles-de-la-Feria-Taurina-Nuestra-Senora-de-la-Salud-2026-en-Cordoba-600x450.png 600w, https:\/\/plazadetoroscordoba.com\/wp-content\/uploads\/2026\/04\/carteles-de-la-Feria-Taurina-Nuestra-Senora-de-la-Salud-2026-en-Cordoba.png 1448w\" sizes=\"auto, (max-width: 1024px) 100vw, 1024px\" \/><\/a><\/div><h2 class=\"w-post-elm post_title usg_post_title_1 entry-title color_link_inherit\"><a href=\"https:\/\/plazadetoroscordoba.com\/fr\/affiches-cordoba-2026\/\">Affiches Cordoba 2026<\/a><\/h2>\t\t<\/div>\r\n\t\t\t<\/article>\r\n<\/div><div class=\"w-grid-carousel-json hidden\" onclick='return {&quot;carousel_settings&quot;:{&quot;aria_labels&quot;:{&quot;prev&quot;:&quot;Pr\\u00e9c\\u00e9dent&quot;,&quot;next&quot;:&quot;Suivant&quot;},&quot;autoplayContinual&quot;:false,&quot;autoplayContinualCss&quot;:false,&quot;autoplayHoverPause&quot;:false,&quot;autoplayTimeout&quot;:3000,&quot;autoWidth&quot;:false,&quot;smartSpeed&quot;:350,&quot;margin&quot;:0,&quot;mouseDrag&quot;:true,&quot;rtl&quot;:false,&quot;slideBy&quot;:&quot;1&quot;,&quot;touchDrag&quot;:true,&quot;slideTransition&quot;:&quot;&quot;,&quot;responsive&quot;:{&quot;0&quot;:{&quot;autoHeight&quot;:false,&quot;autoplay&quot;:false,&quot;autoplayContinualCss&quot;:false,&quot;autoWidth&quot;:false,&quot;center&quot;:false,&quot;dots&quot;:false,&quot;items&quot;:1,&quot;loop&quot;:false,&quot;nav&quot;:false,&quot;stagePadding&quot;:0,&quot;slideBy&quot;:&quot;1&quot;,&quot;touchDrag&quot;:true,&quot;mouseDrag&quot;:true},&quot;601&quot;:{&quot;items&quot;:3,&quot;autoplay&quot;:false,&quot;autoplayContinualCss&quot;:false,&quot;center&quot;:false,&quot;dots&quot;:false,&quot;nav&quot;:true,&quot;autoHeight&quot;:false,&quot;autoWidth&quot;:false,&quot;loop&quot;:false,&quot;stagePadding&quot;:0}}}}'><\/div><\/div><\/div><\/div><\/div><\/div><\/section><section class=\"l-section wpb_row height_medium\"><div class=\"l-section-h i-cf\"><div class=\"g-cols vc_row via_grid cols_1 laptops-cols_inherit tablets-cols_inherit mobiles-cols_1 valign_top type_default stacking_default\"><div class=\"wpb_column vc_column_container\"><div class=\"vc_column-inner\"><div class=\"wpb_text_column\"><div class=\"wpb_wrapper\"><h2 style=\"text-align: center;\">Localisation ar\u00e8nes de Los Califas<\/h2>\n<p style=\"text-align: center;\">Situ\u00e9es dans le quartier \u00ab Poniente Sur \u00bb, les ar\u00e8nes de Cordoba se trouvent \u00e0 quelques minutes du centre-ville et \u00e0 20 minutes du mus\u00e9e taurin.<\/p>\n<\/div><\/div><div class=\"w-separator size_medium\"><\/div><div class=\"w-html\"> <iframe loading=\"lazy\" title=\"emplacement ar\u00e8nes de cordoba\" src=\"https:\/\/www.google.com\/maps\/embed?pb=!1m18!1m12!1m3!1d3149.0677905549255!2d-4.797481823665571!3d37.88209730596985!2m3!1f0!2f0!3f0!3m2!1i1024!2i768!4f13.1!3m3!1m2!1s0xd6cdf5edc8f13c7:0xdafe96158d88c8a9!2sPlaza de toros Los Califas!5e0!3m2!1ses!2ses!4v1710166982929!5m2!1ses!2ses\" width=\"1200\" height=\"600\" style=\"border:0;\" allowfullscreen=\"\" referrerpolicy=\"no-referrer-when-downgrade\"><\/iframe><\/div><\/div><\/div><\/div><\/div><\/section><section class=\"l-section wpb_row height_huge\"><div class=\"l-section-overlay\" style=\"background:linear-gradient(0deg,rgba(0,0,0,0.00),rgba(0,0,0,0.05))\"><\/div><div class=\"l-section-h i-cf\"><div class=\"g-cols vc_row via_grid cols_2 laptops-cols_inherit tablets-cols_inherit mobiles-cols_1 valign_top type_default stacking_default\"><div class=\"wpb_column vc_column_container\"><div class=\"vc_column-inner\"><h2 class=\"w-text\"><span class=\"w-text-h\"><span class=\"w-text-value\">Informations sur les ar\u00e8nes de Cordoba<\/span><\/span><\/h2><\/div><\/div><div class=\"wpb_column vc_column_container\"><div class=\"vc_column-inner\"><div class=\"wpb_text_column with_collapsible_content\" data-content-height=\"300px\"><div class=\"wpb_wrapper\"><p><strong>Les ar\u00e8nes de Cordoba sont l&rsquo;un des monuments historiques les plus importants de la ville.<\/strong> Il s\u2019agit d\u2019un \u00e9l\u00e9ment cl\u00e9 pour comprendre la culture des habitants de Cordoba et son histoire, ainsi que l\u2019image qu\u2019elle montre au monde international.<\/p>\n<p>Depuis pratiquement les d\u00e9buts de la ville, <strong>la tauromachie fait partie de la vie et de la tradition des habitants de Cordoba<\/strong>, fa\u00e7onnant de mani\u00e8re significative leur paysage et leurs coutumes.<\/p>\n<p>Fond\u00e9es au XIXe si\u00e8cle, les ar\u00e8nes de Cordoba sont l&rsquo;une des ic\u00f4nes architecturales de la tauromachie avec son mus\u00e9e taurin. Ce lieu a \u00e9t\u00e9 le th\u00e9\u00e2tre de certaines des <strong>meilleures corridas de tous les temps<\/strong>, donnant naissance \u00e0 un groupe restreint de toreros cordouans appel\u00e9s <strong>les cinq califes<\/strong>. Une pure histoire taurine!<\/p>\n<p>Au-del\u00e0 de l&rsquo;ar\u00e8ne, la tauromachie de Cordoue a d\u00e9pass\u00e9 les barri\u00e8res des ar\u00e8nes pour devenir un symbole culturel et touristique de premier ordre. <strong>La corrida de Cordoue, qui a lieu pendant les f\u00eates de Notre-Dame de la Sant\u00e9 au mois de mai<\/strong>, attire des milliers de visiteurs du monde entier, qui viennent pour assister \u00e0 des corridas passionnantes, mais aussi pour se plonger dans l&rsquo;atmosph\u00e8re festive et la riche tradition qui entourent l&rsquo;\u00e9v\u00e9nement.<\/p>\n<p>Enfin, <strong>il convient de noter que le arene C\u00f3rdoba n&rsquo;est pas seulement un colis\u00e9e taurin<\/strong>, c&rsquo;est un lieu vivant o\u00f9 se d\u00e9roulent une multitude d&rsquo;\u00e9v\u00e9nements et de spectacles de toutes sortes : concerts, \u00e9v\u00e9nements d&rsquo;entreprise, conf\u00e9rences, etc.<\/p>\n<p><span data-sheets-root=\"1\" data-sheets-value=\"{\"1\":2,\"2\":\"plaza de toros los califas cordoba\"}\" data-sheets-userformat=\"{\"2\":4256,\"8\":{\"1\":&#091;{\"1\":2,\"2\":0,\"5\":{\"1\":2,\"2\":0}},{\"1\":0,\"2\":0,\"3\":3},{\"1\":1,\"2\":0,\"4\":1}&#093;},\"10\":2,\"15\":\"Arial\"}\">Visitez les ar\u00e8nes Califas C\u00f3rdoba et d\u00e9couvrez par vous-m\u00eame l&rsquo;art de la corrida !<\/span><\/p>\n<\/div><div class=\"toggle-links align_none\"><button class=\"collapsible-content-more\">Voir plus<\/button><button class=\"collapsible-content-less\">Voir moins<\/button><\/div><\/div><\/div><\/div><\/div><\/div><\/section>\n","protected":false},"excerpt":{"rendered":"Cordoue conna\u00eet d\u00e9sormais l&rsquo;affiche de la Feria taurine Nuestra Se\u00f1ora de la Salud 2026 Feria de Cordoue 2026 : la Feria de mai enthousiasme d\u00e9j\u00e0 les amateurs de tauromachie Les affiches de Cordoue 2026 sont d\u00e9sormais officielles. La Feria Taurina Nuestra Se\u00f1ora de la Salud (Notre-Dame de la Sant\u00e9) reviendra dans les ar\u00e8nes de Cordoue...","protected":false},"author":2,"featured_media":0,"parent":0,"menu_order":0,"comment_status":"closed","ping_status":"closed","template":"","meta":{"footnotes":""},"class_list":["post-3823","page","type-page","status-publish","hentry"],"yoast_head":"<!-- This site is optimized with the Yoast SEO plugin v27.4 - https:\/\/yoast.com\/product\/yoast-seo-wordpress\/ -->\n<title>\u25b7 Ar\u00e8nes de Cordoba | Billets pour Corridas et \u00c9v\u00e9nements<\/title>\n<meta name=\"description\" content=\"Ar\u00e8nes de Los Califas, Cordoue. D\u00e9couvrez les prochains \u00e9v\u00e9nements taurins : Billetterie - Loges VIP et Visites Touristiques\" \/>\n<meta name=\"robots\" content=\"index, follow, max-snippet:-1, max-image-preview:large, max-video-preview:-1\" \/>\n<link rel=\"canonical\" href=\"https:\/\/plazadetoroscordoba.com\/fr\/\" \/>\n<meta property=\"og:locale\" content=\"fr_FR\" \/>\n<meta property=\"og:type\" content=\"article\" \/>\n<meta property=\"og:title\" content=\"\u25b7 Ar\u00e8nes de Cordoba | Billets pour Corridas et \u00c9v\u00e9nements\" \/>\n<meta property=\"og:description\" content=\"Ar\u00e8nes de Los Califas, Cordoue. D\u00e9couvrez les prochains \u00e9v\u00e9nements taurins : Billetterie - Loges VIP et Visites Touristiques\" \/>\n<meta property=\"og:url\" content=\"https:\/\/plazadetoroscordoba.com\/fr\/\" \/>\n<meta property=\"og:site_name\" content=\"Plaza Toros C\u00f3rdoba\" \/>\n<meta property=\"article:modified_time\" content=\"2026-04-27T08:43:00+00:00\" \/>\n<meta property=\"og:image\" content=\"https:\/\/plazadetoroscordoba.com\/wp-content\/uploads\/2024\/03\/Banner-web.webp\" \/>\n\t<meta property=\"og:image:width\" content=\"267\" \/>\n\t<meta property=\"og:image:height\" content=\"100\" \/>\n\t<meta property=\"og:image:type\" content=\"image\/webp\" \/>\n<meta name=\"twitter:card\" content=\"summary_large_image\" \/>\n<meta name=\"twitter:label1\" content=\"Dur\u00e9e de lecture estim\u00e9e\" \/>\n\t<meta name=\"twitter:data1\" content=\"4 minutes\" \/>\n<script type=\"application\/ld+json\" class=\"yoast-schema-graph\">{\"@context\":\"https:\\\/\\\/schema.org\",\"@graph\":[{\"@type\":\"WebPage\",\"@id\":\"https:\\\/\\\/plazadetoroscordoba.com\\\/fr\\\/\",\"url\":\"https:\\\/\\\/plazadetoroscordoba.com\\\/fr\\\/\",\"name\":\"\u25b7 Ar\u00e8nes de Cordoba | Billets pour Corridas et \u00c9v\u00e9nements\",\"isPartOf\":{\"@id\":\"https:\\\/\\\/plazadetoroscordoba.com\\\/fr\\\/#website\"},\"datePublished\":\"2024-03-11T11:39:36+00:00\",\"dateModified\":\"2026-04-27T08:43:00+00:00\",\"description\":\"Ar\u00e8nes de Los Califas, Cordoue. D\u00e9couvrez les prochains \u00e9v\u00e9nements taurins : Billetterie - Loges VIP et Visites Touristiques\",\"breadcrumb\":{\"@id\":\"https:\\\/\\\/plazadetoroscordoba.com\\\/fr\\\/#breadcrumb\"},\"inLanguage\":\"fr-FR\",\"potentialAction\":[{\"@type\":\"ReadAction\",\"target\":[\"https:\\\/\\\/plazadetoroscordoba.com\\\/fr\\\/\"]}]},{\"@type\":\"BreadcrumbList\",\"@id\":\"https:\\\/\\\/plazadetoroscordoba.com\\\/fr\\\/#breadcrumb\",\"itemListElement\":[{\"@type\":\"ListItem\",\"position\":1,\"name\":\"Portada\",\"item\":\"https:\\\/\\\/plazadetoroscordoba.com\\\/fr\\\/\"},{\"@type\":\"ListItem\",\"position\":2,\"name\":\"Home\"}]},{\"@type\":\"WebSite\",\"@id\":\"https:\\\/\\\/plazadetoroscordoba.com\\\/fr\\\/#website\",\"url\":\"https:\\\/\\\/plazadetoroscordoba.com\\\/fr\\\/\",\"name\":\"Plaza Toros C\u00f3rdoba\",\"description\":\"Venta de entradas a corridas de toros en C\u00f3rdoba\",\"publisher\":{\"@id\":\"https:\\\/\\\/plazadetoroscordoba.com\\\/fr\\\/#organization\"},\"alternateName\":\"Plaza de Toros de C\u00f3rdoba\",\"potentialAction\":[{\"@type\":\"SearchAction\",\"target\":{\"@type\":\"EntryPoint\",\"urlTemplate\":\"https:\\\/\\\/plazadetoroscordoba.com\\\/fr\\\/?s={search_term_string}\"},\"query-input\":{\"@type\":\"PropertyValueSpecification\",\"valueRequired\":true,\"valueName\":\"search_term_string\"}}],\"inLanguage\":\"fr-FR\"},{\"@type\":\"Organization\",\"@id\":\"https:\\\/\\\/plazadetoroscordoba.com\\\/fr\\\/#organization\",\"name\":\"Plaza Toros C\u00f3rdoba\",\"url\":\"https:\\\/\\\/plazadetoroscordoba.com\\\/fr\\\/\",\"logo\":{\"@type\":\"ImageObject\",\"inLanguage\":\"fr-FR\",\"@id\":\"https:\\\/\\\/plazadetoroscordoba.com\\\/fr\\\/#\\\/schema\\\/logo\\\/image\\\/\",\"url\":\"https:\\\/\\\/plazadetoroscordoba.com\\\/wp-content\\\/uploads\\\/2024\\\/03\\\/Banner-web.webp\",\"contentUrl\":\"https:\\\/\\\/plazadetoroscordoba.com\\\/wp-content\\\/uploads\\\/2024\\\/03\\\/Banner-web.webp\",\"width\":267,\"height\":100,\"caption\":\"Plaza Toros C\u00f3rdoba\"},\"image\":{\"@id\":\"https:\\\/\\\/plazadetoroscordoba.com\\\/fr\\\/#\\\/schema\\\/logo\\\/image\\\/\"}}]}<\/script>\n<!-- \/ Yoast SEO plugin. -->","yoast_head_json":{"title":"\u25b7 Ar\u00e8nes de Cordoba | Billets pour Corridas et \u00c9v\u00e9nements","description":"Ar\u00e8nes de Los Califas, Cordoue. D\u00e9couvrez les prochains \u00e9v\u00e9nements taurins : Billetterie - Loges VIP et Visites Touristiques","robots":{"index":"index","follow":"follow","max-snippet":"max-snippet:-1","max-image-preview":"max-image-preview:large","max-video-preview":"max-video-preview:-1"},"canonical":"https:\/\/plazadetoroscordoba.com\/fr\/","og_locale":"fr_FR","og_type":"article","og_title":"\u25b7 Ar\u00e8nes de Cordoba | Billets pour Corridas et \u00c9v\u00e9nements","og_description":"Ar\u00e8nes de Los Califas, Cordoue. D\u00e9couvrez les prochains \u00e9v\u00e9nements taurins : Billetterie - Loges VIP et Visites Touristiques","og_url":"https:\/\/plazadetoroscordoba.com\/fr\/","og_site_name":"Plaza Toros C\u00f3rdoba","article_modified_time":"2026-04-27T08:43:00+00:00","og_image":[{"width":267,"height":100,"url":"https:\/\/plazadetoroscordoba.com\/wp-content\/uploads\/2024\/03\/Banner-web.webp","type":"image\/webp"}],"twitter_card":"summary_large_image","twitter_misc":{"Dur\u00e9e de lecture estim\u00e9e":"4 minutes"},"schema":{"@context":"https:\/\/schema.org","@graph":[{"@type":"WebPage","@id":"https:\/\/plazadetoroscordoba.com\/fr\/","url":"https:\/\/plazadetoroscordoba.com\/fr\/","name":"\u25b7 Ar\u00e8nes de Cordoba | Billets pour Corridas et \u00c9v\u00e9nements","isPartOf":{"@id":"https:\/\/plazadetoroscordoba.com\/fr\/#website"},"datePublished":"2024-03-11T11:39:36+00:00","dateModified":"2026-04-27T08:43:00+00:00","description":"Ar\u00e8nes de Los Califas, Cordoue. D\u00e9couvrez les prochains \u00e9v\u00e9nements taurins : Billetterie - Loges VIP et Visites Touristiques","breadcrumb":{"@id":"https:\/\/plazadetoroscordoba.com\/fr\/#breadcrumb"},"inLanguage":"fr-FR","potentialAction":[{"@type":"ReadAction","target":["https:\/\/plazadetoroscordoba.com\/fr\/"]}]},{"@type":"BreadcrumbList","@id":"https:\/\/plazadetoroscordoba.com\/fr\/#breadcrumb","itemListElement":[{"@type":"ListItem","position":1,"name":"Portada","item":"https:\/\/plazadetoroscordoba.com\/fr\/"},{"@type":"ListItem","position":2,"name":"Home"}]},{"@type":"WebSite","@id":"https:\/\/plazadetoroscordoba.com\/fr\/#website","url":"https:\/\/plazadetoroscordoba.com\/fr\/","name":"Plaza Toros C\u00f3rdoba","description":"Venta de entradas a corridas de toros en C\u00f3rdoba","publisher":{"@id":"https:\/\/plazadetoroscordoba.com\/fr\/#organization"},"alternateName":"Plaza de Toros de C\u00f3rdoba","potentialAction":[{"@type":"SearchAction","target":{"@type":"EntryPoint","urlTemplate":"https:\/\/plazadetoroscordoba.com\/fr\/?s={search_term_string}"},"query-input":{"@type":"PropertyValueSpecification","valueRequired":true,"valueName":"search_term_string"}}],"inLanguage":"fr-FR"},{"@type":"Organization","@id":"https:\/\/plazadetoroscordoba.com\/fr\/#organization","name":"Plaza Toros C\u00f3rdoba","url":"https:\/\/plazadetoroscordoba.com\/fr\/","logo":{"@type":"ImageObject","inLanguage":"fr-FR","@id":"https:\/\/plazadetoroscordoba.com\/fr\/#\/schema\/logo\/image\/","url":"https:\/\/plazadetoroscordoba.com\/wp-content\/uploads\/2024\/03\/Banner-web.webp","contentUrl":"https:\/\/plazadetoroscordoba.com\/wp-content\/uploads\/2024\/03\/Banner-web.webp","width":267,"height":100,"caption":"Plaza Toros C\u00f3rdoba"},"image":{"@id":"https:\/\/plazadetoroscordoba.com\/fr\/#\/schema\/logo\/image\/"}}]}},"_links":{"self":[{"href":"https:\/\/plazadetoroscordoba.com\/fr\/wp-json\/wp\/v2\/pages\/3823","targetHints":{"allow":["GET"]}}],"collection":[{"href":"https:\/\/plazadetoroscordoba.com\/fr\/wp-json\/wp\/v2\/pages"}],"about":[{"href":"https:\/\/plazadetoroscordoba.com\/fr\/wp-json\/wp\/v2\/types\/page"}],"author":[{"embeddable":true,"href":"https:\/\/plazadetoroscordoba.com\/fr\/wp-json\/wp\/v2\/users\/2"}],"replies":[{"embeddable":true,"href":"https:\/\/plazadetoroscordoba.com\/fr\/wp-json\/wp\/v2\/comments?post=3823"}],"version-history":[{"count":38,"href":"https:\/\/plazadetoroscordoba.com\/fr\/wp-json\/wp\/v2\/pages\/3823\/revisions"}],"predecessor-version":[{"id":9209,"href":"https:\/\/plazadetoroscordoba.com\/fr\/wp-json\/wp\/v2\/pages\/3823\/revisions\/9209"}],"wp:attachment":[{"href":"https:\/\/plazadetoroscordoba.com\/fr\/wp-json\/wp\/v2\/media?parent=3823"}],"curies":[{"name":"wp","href":"https:\/\/api.w.org\/{rel}","templated":true}]}}